{"id":76,"date":"2018-02-17T18:59:42","date_gmt":"2018-02-17T17:59:42","guid":{"rendered":"http:\/\/parnica.ecavlos.sk\/?page_id=76"},"modified":"2026-03-17T16:42:32","modified_gmt":"2026-03-17T15:42:32","slug":"dokumenty","status":"publish","type":"page","link":"https:\/\/parnica.ecavlos.sk\/?page_id=76","title":{"rendered":"Z\u00c1ZNAM SB\/YOUTUBE KAN\u00c1L"},"content":{"rendered":"\n<figure class=\"wp-block-image size-large\"><img loading=\"lazy\" decoding=\"async\" width=\"1024\" height=\"399\" src=\"http:\/\/parnica.ecavlos.sk\/wp-content\/uploads\/2022\/08\/youtube-kanal-Ecav-parnica-1024x399.jpg\" alt=\"\" class=\"wp-image-440\" srcset=\"https:\/\/parnica.ecavlos.sk\/wp-content\/uploads\/2022\/08\/youtube-kanal-Ecav-parnica-200x78.jpg 200w, https:\/\/parnica.ecavlos.sk\/wp-content\/uploads\/2022\/08\/youtube-kanal-Ecav-parnica-300x117.jpg 300w, https:\/\/parnica.ecavlos.sk\/wp-content\/uploads\/2022\/08\/youtube-kanal-Ecav-parnica-400x156.jpg 400w, https:\/\/parnica.ecavlos.sk\/wp-content\/uploads\/2022\/08\/youtube-kanal-Ecav-parnica-600x234.jpg 600w, https:\/\/parnica.ecavlos.sk\/wp-content\/uploads\/2022\/08\/youtube-kanal-Ecav-parnica-768x300.jpg 768w, https:\/\/parnica.ecavlos.sk\/wp-content\/uploads\/2022\/08\/youtube-kanal-Ecav-parnica-800x312.jpg 800w, https:\/\/parnica.ecavlos.sk\/wp-content\/uploads\/2022\/08\/youtube-kanal-Ecav-parnica-1024x399.jpg 1024w, https:\/\/parnica.ecavlos.sk\/wp-content\/uploads\/2022\/08\/youtube-kanal-Ecav-parnica-1200x468.jpg 1200w, https:\/\/parnica.ecavlos.sk\/wp-content\/uploads\/2022\/08\/youtube-kanal-Ecav-parnica-1536x599.jpg 1536w, https:\/\/parnica.ecavlos.sk\/wp-content\/uploads\/2022\/08\/youtube-kanal-Ecav-parnica.jpg 1920w\" sizes=\"auto, (max-width: 1024px) 100vw, 1024px\" \/><\/figure>\n\n\n\n<p><strong>Z\u00e1znamy Slu\u017eieb Bo\u017e\u00edch<\/strong> na youtube kan\u00e1ly \u2013 ECAV P\u00e1rnica&nbsp;<a href=\"https:\/\/www.youtube.com\/channel\/UC4wsxBfkcE7xJESGOhc6IZw\">https:\/\/www.youtube.com\/channel\/UC4wsxBfkcE7xJESGOhc6IZw<\/a><\/p>\n\n\n\n<p><strong>Rok 2021<\/strong><br><br>21. 11. 2021 \u2013 Pamiatka posv\u00e4tenia chr\u00e1mu&nbsp;<a href=\"https:\/\/www.youtube.com\/watch?v=0zwCMTxAzN8\">https:\/\/www.youtube.com\/watch?v=0zwCMTxAzN8<\/a><br>28. 11. 2021 \u2013 1. adventn\u00e1 nede\u013ea&nbsp;<a href=\"https:\/\/youtu.be\/gD4dXrMH2O4\">https:\/\/youtu.be\/gD4dXrMH2O4<\/a><br>05. 12. 2021 \u2013 2. adventn\u00e1 nede\u013ea <a href=\"https:\/\/youtu.be\/-PjJUUfg2I4\">https:\/\/youtu.be\/-PjJUUfg2I4<\/a><br>12. 12. 2021 \u2013 3. adventn\u00e1 nede\u013ea <a href=\"https:\/\/youtu.be\/7OG2LZglBuA\">https:\/\/youtu.be\/7OG2LZglBuA<\/a><br>19. 12. 2021 \u2013 4. adventn\u00e1 nede\u013ea <a href=\"https:\/\/youtu.be\/0S0kwZ0kyE4\">https:\/\/youtu.be\/0S0kwZ0kyE4<\/a><\/p>\n\n\n\n<p><strong>Vianoce 2021<\/strong><br>24. 12. 2021  \u2013  \u0160tedr\u00fd ve\u010der <a href=\"https:\/\/youtu.be\/I5i5yyaSxWM\">https:\/\/youtu.be\/I5i5yyaSxWM<\/a><br>25. 12. 2021  \u2013  1. sl\u00e1vnos\u0165 viano\u010dn\u00e1 <a href=\"https:\/\/youtu.be\/Ydg3XhWbCnY\">https:\/\/youtu.be\/Ydg3XhWbCnY<\/a><br>26. 12. 2021  \u2013  2. sl\u00e1vnos\u0165 viano\u010dn\u00e1 <a href=\"https:\/\/youtu.be\/77ce2Y_TJFA\">https:\/\/youtu.be\/77ce2Y_TJFA<\/a><br><br>31. 12. 2021  \u2013  Z\u00e1vierka ob\u010dianskeho roka <a href=\"https:\/\/youtu.be\/z5Bo2k5Im28\">https:\/\/youtu.be\/z5Bo2k5Im28<\/a> <br><br><strong>Rok 2022<\/strong><br>01. 01. 2022  \u2013  Nov\u00fd rok <a href=\"https:\/\/youtu.be\/zBnhMSe9EJQ\">https:\/\/youtu.be\/zBnhMSe9EJQ<\/a><br>02. 01. 2022  \u2013  Nede\u013ea po Novom roku <a href=\"https:\/\/youtu.be\/-FdaLPB5SsE\">https:\/\/youtu.be\/-FdaLPB5SsE<\/a> &#8211; iba k\u00e1ze\u0148<br>06. 01. 2022  \u2013  Zjavenie Krista P\u00e1na mudrcom <a href=\"https:\/\/youtu.be\/YyQydwFi6Rs\">https:\/\/youtu.be\/YyQydwFi6Rs<\/a><br>09. 01. 2022  \u2013 1. nede\u013ea po Zjaven\u00ed <a href=\"https:\/\/youtu.be\/1pkfCev6JtU\">https:\/\/youtu.be\/1pkfCev6JtU<\/a><br>16. 01. 2022  \u2013 2. nede\u013ea po Zjaven\u00ed <a href=\"https:\/\/youtu.be\/eez2xdLduLc\">https:\/\/youtu.be\/eez2xdLduLc<\/a><br>23. 01. 2022  \u2013 3. nede\u013ea po Zjaven\u00ed <a href=\"https:\/\/youtu.be\/UGp78_ch9LY\">https:\/\/youtu.be\/UGp78_ch9LY<\/a><br>30. 01. 2022  \u2013 4. nede\u013ea po Zjaven\u00ed  &#8211; ZVUKOV\u00dd Z\u00c1ZNAM <a href=\"https:\/\/youtu.be\/FkNfSnm3aZU\">https:\/\/youtu.be\/FkNfSnm3aZU<\/a><br>06. 02. 2022  \u2013 5. nede\u013ea po Zjaven\u00ed <a href=\"https:\/\/youtu.be\/IcQ8yKM052I\">https:\/\/youtu.be\/IcQ8yKM052I<\/a><br><br>17. 04. 2022  \u2013 1. sl\u00e1vnos\u0165 ve\u013ekono\u010dn\u00e1 <a href=\"https:\/\/youtu.be\/cd8QNJ4SiY4\">https:\/\/youtu.be\/cd8QNJ4SiY4<\/a> <br>12. 06. 2022  \u2013  Konfirm\u00e1cia <a href=\"https:\/\/youtu.be\/SOu8CFHeFdw\">https:\/\/youtu.be\/SOu8CFHeFdw<\/a><br>10. 07. 2022  \u2013  Zborov\u00fd de\u0148 &#8211; 100. rokov zalo\u017eenia CZ P\u00e1rnica &#8211; <a href=\"https:\/\/youtu.be\/QwWCUyt8MOg\">https:\/\/youtu.be\/QwWCUyt8MOg<\/a> <strong>gener\u00e1lny biskup Ivan E\u013eko<\/strong><br>21. 08. 2022  \u2013  Ekumenick\u00e9 Slu\u017eby Bo\u017eie &#8211; 600. rokov obce P\u00e1rnica 1420 &#8211; 2020 <a href=\"https:\/\/youtu.be\/qGrqUY3Q38w\">https:\/\/youtu.be\/qGrqUY3Q38w<\/a>    <br>02. 10. 2022  \u2013  Po\u010fakovanie za \u00farody zeme <a href=\"https:\/\/youtu.be\/FctYqgt5ZLY\">https:\/\/youtu.be\/FctYqgt5ZLY<\/a> <br>20. 11. 2022  \u2013  Pamiatka posv\u00e4tenia chr\u00e1mu &#8211; 95. v\u00fdro\u010die <a href=\"https:\/\/youtu.be\/v23KaZXBwTY\">https:\/\/youtu.be\/v23KaZXBwTY<\/a> <br><br>24. 12. 2022 \u2013 \u0160tedr\u00fd ve\u010der 2022 s programom det\u00ed a spevokolu (Srdca m\u00f4jho si P\u00e1nom) \u2013<a href=\"https:\/\/youtu.be\/tHVgyB5d5Io\">https:\/\/youtu.be\/tHVgyB5d5Io<\/a><\/p>\n\n\n\n<p class=\"has-normal-font-size\"><strong>Rok 2023<\/strong><br>9. 4. 2023 &#8211; Ve\u013ek\u00e1 noc 2023 &#8211; program a vyst\u00fapenia spevokolov, det\u00ed a dorastu na Ve\u013ek\u00fd piatok a Ve\u013ekono\u010dn\u00fa nede\u013eu &#8211; <a href=\"https:\/\/youtu.be\/1q93LDbTtwc\">https:\/\/youtu.be\/1q93LDbTtwc<\/a><br>28. 5. 2023 &#8211; Konfirm\u00e1cia (1. sl\u00e1vnos\u0165 sv\u00e4todu\u0161n\u00e1) &#8211; <a href=\"https:\/\/youtu.be\/ooPVHTYfzFI\">https:\/\/youtu.be\/ooPVHTYfzFI<\/a><br><\/p>\n\n\n\n<p class=\"has-medium-font-size\">09. 07. 2023 \u2013 Zborov\u00fd de\u0148 &#8211; <strong>In\u0161tal\u00e1cia zborovej far\u00e1rky<\/strong> Mgr. Viery \u0160imovej \u0160olt\u00e9s <a href=\"https:\/\/youtube.com\/live\/Cnf8VzoSx94\">https:\/\/youtube.com\/live\/Cnf8VzoSx94<\/a><\/p>\n\n\n\n<p class=\"has-normal-font-size\">20. 08. 2023 &#8211; Ekumenick\u00e9 Slu\u017eby Bo\u017eie &#8211; 16. Parnick\u00f4 \u0161vabkobra\u0148a &#8211; <a href=\"https:\/\/youtu.be\/EkWRsI8BRsw\">https:\/\/youtu.be\/EkWRsI8BRsw<\/a>  <br>15. 10. 2023 &#8211; Po\u010fakovanie za \u00farody zeme &#8211; <a href=\"https:\/\/youtu.be\/pf0Ml4dGCeI\">https:\/\/youtu.be\/pf0Ml4dGCeI<\/a>  <br><br>24. 12. 2023 &#8211; \u0160tedr\u00fd ve\u010der 2023 &#8211; Slu\u017eby Bo\u017eie s programom det\u00ed <a href=\"https:\/\/youtu.be\/iLuJbRhloYQ\">https:\/\/youtu.be\/iLuJbRhloYQ<\/a> <\/p>\n\n\n\n<p><strong>Rok 2024<\/strong><\/p>\n\n\n\n<p class=\"has-normal-font-size\">26. 05. 2024 &#8211; Konfirm\u00e1cia 2024 &#8211; hos\u0165 <strong>Ivan E\u013eko<\/strong> &#8211; <strong>gener\u00e1lny<\/strong> <strong>biskup ECAV<\/strong> <a href=\"https:\/\/youtu.be\/z1pOzZtkIyQ\">https:\/\/youtu.be\/z1pOzZtkIyQ<\/a><br>24. 11. 2024 \u2013 Pamiatka posv\u00e4tenia chr\u00e1mu s posviackou obnoven\u00e9ho organa \u2013 seniorka LOS&nbsp;<strong>Mgr. Katar\u00edna Hud\u00e1kov\u00e1<\/strong>&nbsp;\u2013 kr\u00e1tky zostrih zo Slu\u017eieb Bo\u017e\u00edch&nbsp;<a href=\"https:\/\/youtu.be\/0D2ndwHa5Ag\" data-type=\"link\" data-id=\"https:\/\/youtu.be\/0D2ndwHa5Ag\">https:\/\/youtu.be\/0D2ndwHa5Ag<\/a><\/p>\n\n\n\n<p><strong>Rok 2025<\/strong><\/p>\n\n\n\n<p class=\"has-normal-font-size\">13. 07. 2025 \u2013 Zborov\u00fd de\u0148 \u2013 \u00favod zborov\u00e9ho dozorcu&nbsp;<strong>Ing. Du\u0161ana Kuba\u010dku<\/strong>&nbsp;\u2013 seniorka LOS&nbsp;<strong>Mgr.<\/strong>&nbsp;<strong>Katar\u00edna Hud\u00e1kov\u00e1<\/strong>&nbsp;\u2013 kr\u00e1tky zostrih zo Slu\u017eieb Bo\u017e\u00edch&nbsp;<a href=\"https:\/\/youtu.be\/SBtMPrucOhw\">https:\/\/youtu.be\/SBtMPrucOhw<\/a><\/p>\n\n\n\n<p>24. 12. 2025 &#8211; \u0160tedr\u00fd ve\u010der 2025 &#8211; Slu\u017eby Bo\u017eie s programom det\u00ed <a href=\"https:\/\/youtu.be\/pxJaJmVm1Ik\">https:\/\/youtu.be\/pxJaJmVm1Ik<\/a><\/p>\n\n\n\n<p><\/p>\n\n\n\n<p class=\"has-medium-font-size\"><strong>Advent pri krbe<\/strong> &#8211;  <strong>2022<\/strong> &#8211; kr\u00e1tke adventn\u00e9 pr\u00edbehy z knihy od Bruna Ferrera<\/p>\n\n\n\n<ol class=\"wp-block-list\">\n<li>Adventn\u00fd de\u0148 &#8211; <a href=\"https:\/\/youtu.be\/Xh0qGvxOMMQ\">https:\/\/youtu.be\/Xh0qGvxOMMQ<\/a><\/li>\n\n\n\n<li>Adventn\u00fd de\u0148 &#8211; <a href=\"https:\/\/youtu.be\/XM57397VTjU\">https:\/\/youtu.be\/XM57397VTjU<\/a><\/li>\n\n\n\n<li>Adventn\u00fd de\u0148 &#8211; <a href=\"https:\/\/youtu.be\/4yGYyWhLVGU\" target=\"_blank\" rel=\"noreferrer noopener\">https:\/\/youtu.be\/4yGYyWhLVGU<\/a><\/li>\n\n\n\n<li>Adventn\u00fd de\u0148 &#8211; <a href=\"https:\/\/youtu.be\/Usjjqaz5wr8\">https:\/\/youtu.be\/Usjjqaz5wr8<\/a><\/li>\n\n\n\n<li>Adventn\u00fd de\u0148 &#8211; <a href=\"https:\/\/youtu.be\/ECYU0UI3B8Q\">https:\/\/youtu.be\/ECYU0UI3B8Q<\/a><\/li>\n\n\n\n<li>Adventn\u00fd de\u0148 &#8211; <a href=\"https:\/\/youtu.be\/Gx8rFDb28Pw\">https:\/\/youtu.be\/Gx8rFDb28Pw<\/a> + blaho\u017eelanie gener\u00e1lnemu biskupovi Ivanovi E\u013ekovi<\/li>\n\n\n\n<li>Adventn\u00fd de\u0148 &#8211; <a href=\"https:\/\/youtu.be\/YRHCabkfroo\">https:\/\/youtu.be\/YRHCabkfroo<\/a><\/li>\n\n\n\n<li>Adventn\u00fd de\u0148 &#8211; <a href=\"https:\/\/youtu.be\/6l85Btu-12s\">https:\/\/youtu.be\/6l85Btu-12s<\/a><\/li>\n\n\n\n<li>Adventn\u00fd de\u0148 &#8211; <a href=\"https:\/\/youtu.be\/k0tCfmjdbQo\">https:\/\/youtu.be\/k0tCfmjdbQo<\/a><\/li>\n\n\n\n<li>Adventn\u00fd de\u0148 &#8211; <a href=\"https:\/\/youtu.be\/Ue2e65j20Wg\">https:\/\/youtu.be\/Ue2e65j20Wg<\/a> <\/li>\n\n\n\n<li>Adventn\u00fd de\u0148 &#8211; <a href=\"https:\/\/youtu.be\/CYPDtUQq0bY\">https:\/\/youtu.be\/CYPDtUQq0bY<\/a><\/li>\n\n\n\n<li>Adventn\u00fd de\u0148 &#8211; <a href=\"https:\/\/youtu.be\/Tg2snZQGkzc\">https:\/\/youtu.be\/Tg2snZQGkzc<\/a><\/li>\n\n\n\n<li>Adventn\u00fd de\u0148 &#8211; <a href=\"https:\/\/youtu.be\/IlTPbMfmbh4\">https:\/\/youtu.be\/IlTPbMfmbh4<\/a><\/li>\n\n\n\n<li>Adventn\u00fd de\u0148 &#8211; <a href=\"https:\/\/youtu.be\/rPX7SGI-zSk\">https:\/\/youtu.be\/rPX7SGI-zSk<\/a><\/li>\n\n\n\n<li>Adventn\u00fd de\u0148 &#8211; <a href=\"https:\/\/youtu.be\/fbrtWsxYJVw\">https:\/\/youtu.be\/fbrtWsxYJVw<\/a><\/li>\n\n\n\n<li>Adventn\u00fd de\u0148 &#8211; <a href=\"https:\/\/youtu.be\/CD52fqKesVU\">https:\/\/youtu.be\/CD52fqKesVU<\/a><\/li>\n\n\n\n<li>Adventn\u00fd de\u0148 &#8211; <a href=\"https:\/\/youtu.be\/SRSZP77kT28\">https:\/\/youtu.be\/SRSZP77kT28<\/a><\/li>\n\n\n\n<li>Adventn\u00fd de\u0148 &#8211; <a href=\"https:\/\/youtu.be\/LizBcJ2iv6g\">https:\/\/youtu.be\/LizBcJ2iv6g<\/a><\/li>\n\n\n\n<li>Adventn\u00fd de\u0148 &#8211; <a href=\"https:\/\/youtu.be\/wb8z99y8Res\">https:\/\/youtu.be\/wb8z99y8Res<\/a><\/li>\n\n\n\n<li>Adventn\u00fd de\u0148 &#8211; <a href=\"https:\/\/youtu.be\/NbjQZgHDmVw\">https:\/\/youtu.be\/NbjQZgHDmVw<\/a><\/li>\n\n\n\n<li>Adventn\u00fd de\u0148 &#8211; <a href=\"https:\/\/youtu.be\/DMX9ojJcMyM\">https:\/\/youtu.be\/DMX9ojJcMyM<\/a><\/li>\n\n\n\n<li>Adventn\u00fd de\u0148 &#8211; <a href=\"https:\/\/youtu.be\/5tPs_gcBzx0\">https:\/\/youtu.be\/5tPs_gcBzx0<\/a><\/li>\n\n\n\n<li>Adventn\u00fd de\u0148 &#8211; <a href=\"https:\/\/youtu.be\/CVkHapGKvrA\">https:\/\/youtu.be\/CVkHapGKvrA<\/a><\/li>\n\n\n\n<li>Adventn\u00fd de\u0148 &#8211; <a href=\"https:\/\/youtu.be\/L7xixfycUAA\">https:\/\/youtu.be\/L7xixfycUAA<\/a><\/li>\n\n\n\n<li>Bonus <a href=\"https:\/\/youtu.be\/4euVQ1vSqaM\">https:\/\/youtu.be\/4euVQ1vSqaM<\/a><\/li>\n\n\n\n<li>Bonus <a href=\"https:\/\/youtu.be\/WSjGgx79W84\">https:\/\/youtu.be\/WSjGgx79W84<\/a><\/li>\n<\/ol>\n\n\n\n<p class=\"has-medium-font-size\"><strong>Advent pri krbe 2 &#8211; 2024<\/strong> &#8211; 24 adventn\u00fdch pr\u00edbehov z knihy B\u00favaj, die\u0165a kr\u00e1sne (Blanche Collange a Sara Ugolotti. Preklad Karol\u00edna Holmanov\u00e1)<\/p>\n\n\n\n<ol class=\"wp-block-list\">\n<li>adventn\u00fd de\u0148 &#8211; <a href=\"https:\/\/www.youtube.com\/watch?v=BGFxCUtjFqg\">https:\/\/www.youtube.com\/watch?v=BGFxCUtjFqg<\/a> Nebesk\u00e1 rados\u0165 (Klaudia \u0160abov\u00e1)<\/li>\n\n\n\n<li>adventn\u00fd de\u0148 &#8211; <a href=\"https:\/\/www.youtube.com\/watch?v=PqYgUbKVWdI\">https:\/\/www.youtube.com\/watch?v=PqYgUbKVWdI<\/a> Ako sa som\u00e1rik nau\u010dil hovori\u0165 \u00e1no (\u0160imon \u0160olt\u00e9s)<\/li>\n\n\n\n<li>adventn\u00fd de\u0148 &#8211; <a href=\"https:\/\/www.youtube.com\/watch?v=cIkCKe74B-c\">https:\/\/www.youtube.com\/watch?v=cIkCKe74B-c<\/a> Stoj\u00edm pri tebe (Nina Matulov\u00e1)<\/li>\n\n\n\n<li>adventn\u00fd de\u0148 &#8211; <a href=\"https:\/\/www.youtube.com\/watch?v=GImHtnio58M\">https:\/\/www.youtube.com\/watch?v=GImHtnio58M<\/a> Emilov \u00fasmev (Eli\u0161ka \u0160olt\u00e9sov\u00e1)<\/li>\n\n\n\n<li>adventn\u00fd de\u0148 &#8211; <a href=\"https:\/\/www.youtube.com\/watch?v=eg-gQOTZsto\">https:\/\/www.youtube.com\/watch?v=eg-gQOTZsto<\/a> Prame\u0148 (Milan Mri\u0161ka)<\/li>\n\n\n\n<li>adventn\u00fd de\u0148 &#8211; <a href=\"https:\/\/www.youtube.com\/watch?v=PpVgAXAjRdk\">https:\/\/www.youtube.com\/watch?v=PpVgAXAjRdk<\/a> Dar\u010dek z neba (Marko \u0160abo)<\/li>\n\n\n\n<li>adventn\u00fd de\u0148 &#8211; <a href=\"https:\/\/www.youtube.com\/watch?v=V17CUOR4LiQ\">https:\/\/www.youtube.com\/watch?v=V17CUOR4LiQ<\/a> Pastier Timotej (Viera \u0160imov\u00e1 \u0160olt\u00e9s)<\/li>\n\n\n\n<li>adventn\u00fd de\u0148 &#8211; <a href=\"https:\/\/www.youtube.com\/watch?v=HOPwVUAkdcM\">https:\/\/www.youtube.com\/watch?v=HOPwVUAkdcM<\/a> \u017div\u00fd betlehem (Adam Holl\u00fd)<\/li>\n\n\n\n<li>adventn\u00fd de\u0148 &#8211; <a href=\"https:\/\/www.youtube.com\/watch?v=3uicpQxyR_k\">https:\/\/www.youtube.com\/watch?v=3uicpQxyR_k<\/a> Najvz\u00e1cnej\u0161\u00ed poklad (Oliver Hrmo)<\/li>\n\n\n\n<li>adventn\u00fd de\u0148 &#8211; <a href=\"https:\/\/www.youtube.com\/watch?v=vr63Fc6_kYA\">https:\/\/www.youtube.com\/watch?v=vr63Fc6_kYA<\/a> Poplach v kl\u00e1\u0161tore (Du\u0161an Chylka)<\/li>\n\n\n\n<li>adventn\u00fd de\u0148 &#8211; <a href=\"https:\/\/www.youtube.com\/watch?v=C7r0revHEXo\">https:\/\/www.youtube.com\/watch?v=C7r0revHEXo<\/a> Ako sa sardinka vybrala obdivova\u0165 betlehem (Nat\u00e1lia    <br>                                                                                                          Valaskaiov\u00e1)                                                                                             <\/li>\n\n\n\n<li>adventn\u00fd de\u0148 &#8211; <a href=\"https:\/\/www.youtube.com\/watch?v=tQliGFzaBjM\">https:\/\/www.youtube.com\/watch?v=tQliGFzaBjM<\/a>  V rezb\u00e1rovej dielni (\u0160imon Holl\u00fd)<\/li>\n\n\n\n<li>adventn\u00fd de\u0148 &#8211; <a href=\"https:\/\/www.youtube.com\/watch?v=kKucOUAu_ms\">https:\/\/www.youtube.com\/watch?v=kKucOUAu_ms<\/a> Hudba z nebies (Jakub Kubinda)<\/li>\n\n\n\n<li>adventn\u00fd de\u0148 &#8211; <a href=\"https:\/\/www.youtube.com\/watch?v=bbP2oUJIeDY\">https:\/\/www.youtube.com\/watch?v=bbP2oUJIeDY<\/a> Dobrodru\u017estvo v hor\u00e1ch (Jakub \u0160abo)<\/li>\n\n\n\n<li>adventn\u00fd de\u0148 &#8211; <a href=\"https:\/\/youtu.be\/g1pW9deTlaI\">https:\/\/youtu.be\/g1pW9deTlaI<\/a> &#8211; Druh\u00e9 o\u010di (Vikt\u00f3ria Bujn\u00e1kov\u00e1)<\/li>\n\n\n\n<li>adventn\u00fd de\u0148 &#8211; <a href=\"https:\/\/youtu.be\/ReIH1mjPHQc\">https:\/\/youtu.be\/ReIH1mjPHQc<\/a> &#8211; Ma\u0161krtn\u00fd cukr\u00e1r (Jessica Jur\u00e1\u0161ov\u00e1)<\/li>\n\n\n\n<li>adventn\u00fd de\u0148 &#8211; <a href=\"https:\/\/youtu.be\/2tU6ChgnA74\">https:\/\/youtu.be\/2tU6ChgnA74<\/a> &#8211; Polep\u0161en\u00fd hundor\u0161 (Marek Jankovi\u010d)<\/li>\n\n\n\n<li>adventn\u00fd de\u0148 &#8211; <a href=\"https:\/\/youtu.be\/YT2ifZBA520\">https:\/\/youtu.be\/YT2ifZBA520<\/a> &#8211; Vt\u00e1\u010die Vianoce (Filip Jankovi\u010d)<\/li>\n\n\n\n<li>adventn\u00fd de\u0148 &#8211; <a href=\"https:\/\/youtu.be\/6QKjv5llajo\">https:\/\/youtu.be\/6QKjv5llajo<\/a> &#8211; Neoby\u010dajne oby\u010dajn\u00e9 drevo (Mgr. Viera \u0160imov\u00e1 \u0160olt\u00e9s)<\/li>\n\n\n\n<li>adventn\u00fd de\u0148 &#8211; <a href=\"https:\/\/youtu.be\/uHVntBP4q-w\">https:\/\/youtu.be\/uHVntBP4q-w<\/a> &#8211; Sladk\u00e1 bodka (Tom\u00e1\u0161 Ga\u0161\u0161o)<\/li>\n\n\n\n<li>adventn\u00fd de\u0148 &#8211; <a href=\"https:\/\/youtu.be\/OHEGR1QAyT0\">https:\/\/youtu.be\/OHEGR1QAyT0<\/a> &#8211; V\u00f4l na d\u00f4chodku (D\u00e1vid Ga\u0161\u0161o)<\/li>\n\n\n\n<li>adventn\u00fd de\u0148 &#8211; <a href=\"https:\/\/youtu.be\/CCdBjnp3Z5Q\">https:\/\/youtu.be\/CCdBjnp3Z5Q<\/a> &#8211; Zem na obzore (Zuzana Furindov\u00e1)<\/li>\n\n\n\n<li>adventn\u00fd de\u0148 &#8211; <a href=\"https:\/\/youtu.be\/mw5kFHS57A8\">https:\/\/youtu.be\/mw5kFHS57A8<\/a> &#8211; Usp\u00e1vanka pre Je\u017ei\u0161ka (Adam Havko)<\/li>\n\n\n\n<li>adventn\u00fd de\u0148 &#8211; <a href=\"https:\/\/youtu.be\/aLtLAmnxV5k\">https:\/\/youtu.be\/aLtLAmnxV5k<\/a> &#8211; Narodil sa Bo\u017e\u00ed Syn (Katar\u00edna Havkov\u00e1)<\/li>\n<\/ol>\n\n\n\n<p><\/p>\n","protected":false},"excerpt":{"rendered":"<p>Z\u00e1znamy Slu\u017eieb Bo\u017e\u00edch na youtube kan\u00e1ly \u2013 ECAV P\u00e1rnica&nbsp;https:\/\/www.youtube.com\/channel\/UC4wsxBfkcE7xJESGOhc6IZw Rok 2021 21. 11. 2021 \u2013 Pamiatka posv\u00e4tenia chr\u00e1mu&nbsp;https:\/\/www.youtube.com\/watch?v=0zwCMTxAzN828. 11. 2021 \u2013 1. adventn\u00e1 nede\u013ea&nbsp;https:\/\/youtu.be\/gD4dXrMH2O405. 12. 2021 \u2013 2. adventn\u00e1 nede\u013ea https:\/\/youtu.be\/-PjJUUfg2I412. 12. 2021 \u2013 3. adventn\u00e1 nede\u013ea https:\/\/youtu.be\/7OG2LZglBuA19. 12. 2021 \u2013 4. adventn\u00e1 nede\u013ea https:\/\/youtu.be\/0S0kwZ0kyE4 Vianoce 202124. 12. 2021 \u2013 \u0160tedr\u00fd ve\u010der https:\/\/youtu.be\/I5i5yyaSxWM25. 12. 2021 [&hellip;]<\/p>\n","protected":false},"author":1,"featured_media":0,"parent":0,"menu_order":0,"comment_status":"closed","ping_status":"closed","template":"","meta":{"footnotes":""},"class_list":["post-76","page","type-page","status-publish","hentry"],"_links":{"self":[{"href":"https:\/\/parnica.ecavlos.sk\/index.php?rest_route=\/wp\/v2\/pages\/76","targetHints":{"allow":["GET"]}}],"collection":[{"href":"https:\/\/parnica.ecavlos.sk\/index.php?rest_route=\/wp\/v2\/pages"}],"about":[{"href":"https:\/\/parnica.ecavlos.sk\/index.php?rest_route=\/wp\/v2\/types\/page"}],"author":[{"embeddable":true,"href":"https:\/\/parnica.ecavlos.sk\/index.php?rest_route=\/wp\/v2\/users\/1"}],"replies":[{"embeddable":true,"href":"https:\/\/parnica.ecavlos.sk\/index.php?rest_route=%2Fwp%2Fv2%2Fcomments&post=76"}],"version-history":[{"count":5,"href":"https:\/\/parnica.ecavlos.sk\/index.php?rest_route=\/wp\/v2\/pages\/76\/revisions"}],"predecessor-version":[{"id":675,"href":"https:\/\/parnica.ecavlos.sk\/index.php?rest_route=\/wp\/v2\/pages\/76\/revisions\/675"}],"wp:attachment":[{"href":"https:\/\/parnica.ecavlos.sk\/index.php?rest_route=%2Fwp%2Fv2%2Fmedia&parent=76"}],"curies":[{"name":"wp","href":"https:\/\/api.w.org\/{rel}","templated":true}]}}