{"id":68,"date":"2018-02-17T18:57:48","date_gmt":"2018-02-17T17:57:48","guid":{"rendered":"http:\/\/parnica.ecavlos.sk\/?page_id=68"},"modified":"2026-03-17T16:46:02","modified_gmt":"2026-03-17T15:46:02","slug":"sluzby-bozie","status":"publish","type":"page","link":"https:\/\/parnica.ecavlos.sk\/?page_id=68","title":{"rendered":"SLU\u017dBY BO\u017dIE"},"content":{"rendered":"\n<p class=\"has-normal-font-size\">Slu\u017eby Bo\u017eie sa konaj\u00fa ka\u017ed\u00fa nede\u013eu o <strong>10:00 hodine<\/strong>.  <\/p>\n\n\n\n<p class=\"has-medium-font-size\">Odkaz na n\u00e1\u0161 youtube kan\u00e1l &#8211; <a href=\"https:\/\/www.youtube.com\/@ecavparnica5446\">https:\/\/www.youtube.com\/@ecavparnica5446<\/a><\/p>\n\n\n\n<figure class=\"wp-block-video\"><video src=\"http:\/\/parnica.ecavlos.sk\/wp-content\/uploads\/2020\/11\/intro.mov\"><\/video><\/figure>\n\n\n\n<p class=\"has-medium-font-size\">Z\u00e1znamy Slu\u017eieb Bo\u017e\u00edch na youtube kan\u00e1ly &#8211; ECAV P\u00e1rnica  Odkaz na n\u00e1\u0161 youtube kan\u00e1l &#8211; <a href=\"https:\/\/www.youtube.com\/@ecavparnica5446\">https:\/\/www.youtube.com\/@ecavparnica5446<\/a> <\/p>\n\n\n\n<p>21. 11. 2021 \u2013 Pamiatka posv\u00e4tenia chr\u00e1mu&nbsp;<a href=\"https:\/\/www.youtube.com\/watch?v=0zwCMTxAzN8\">https:\/\/www.youtube.com\/watch?v=0zwCMTxAzN8<\/a><br><br>28. 11. 2021 \u2013 1. adventn\u00e1 nede\u013ea&nbsp;<a href=\"https:\/\/youtu.be\/gD4dXrMH2O4\">https:\/\/youtu.be\/gD4dXrMH2O4<\/a><br>05. 12. 2021 \u2013 2. adventn\u00e1 nede\u013ea <a href=\"https:\/\/youtu.be\/-PjJUUfg2I4\">https:\/\/youtu.be\/-PjJUUfg2I4<\/a><br>12. 12. 2021 \u2013 3. adventn\u00e1 nede\u013ea <a href=\"https:\/\/youtu.be\/7OG2LZglBuA\">https:\/\/youtu.be\/7OG2LZglBuA<\/a><br>19. 12. 2021 \u2013 4. adventn\u00e1 nede\u013ea <a href=\"https:\/\/youtu.be\/0S0kwZ0kyE4\">https:\/\/youtu.be\/0S0kwZ0kyE4<\/a><\/p>\n\n\n\n<p class=\"has-normal-font-size\"><strong>Vianoce 2021<\/strong><br>24. 12. 2021  \u2013  \u0160tedr\u00fd ve\u010der <a href=\"https:\/\/youtu.be\/I5i5yyaSxWM\">https:\/\/youtu.be\/I5i5yyaSxWM<\/a><br>25. 12. 2021  \u2013  1. sl\u00e1vnos\u0165 viano\u010dn\u00e1 <a href=\"https:\/\/youtu.be\/Ydg3XhWbCnY\">https:\/\/youtu.be\/Ydg3XhWbCnY<\/a><br>26. 12. 2021  \u2013  2. sl\u00e1vnos\u0165 viano\u010dn\u00e1 <a href=\"https:\/\/youtu.be\/77ce2Y_TJFA\">https:\/\/youtu.be\/77ce2Y_TJFA<\/a><br>31. 12. 2021  \u2013  Z\u00e1vierka ob\u010dianskeho roka <a href=\"https:\/\/youtu.be\/z5Bo2k5Im28\">https:\/\/youtu.be\/z5Bo2k5Im28<\/a> <br><br><strong>Rok 2022<\/strong><br>01. 01. 2022  \u2013  Nov\u00fd rok <a href=\"https:\/\/youtu.be\/zBnhMSe9EJQ\">https:\/\/youtu.be\/zBnhMSe9EJQ<\/a><br>02. 01. 2022  \u2013  Nede\u013ea po Novom roku <a href=\"https:\/\/youtu.be\/-FdaLPB5SsE\">https:\/\/youtu.be\/-FdaLPB5SsE<\/a> &#8211; iba k\u00e1ze\u0148<br>06. 01. 2022  \u2013  Zjavenie Krista P\u00e1na mudrcom <a href=\"https:\/\/youtu.be\/YyQydwFi6Rs\">https:\/\/youtu.be\/YyQydwFi6Rs<\/a><br>09. 01. 2022  \u2013 1. nede\u013ea po Zjaven\u00ed <a href=\"https:\/\/youtu.be\/1pkfCev6JtU\">https:\/\/youtu.be\/1pkfCev6JtU<\/a><br>16. 01. 2022  \u2013 2. nede\u013ea po Zjaven\u00ed <a href=\"https:\/\/youtu.be\/eez2xdLduLc\">https:\/\/youtu.be\/eez2xdLduLc<\/a> <br>17. 04. 2022  \u2013 1. sl\u00e1vnos\u0165 ve\u013ekono\u010dn\u00e1 <a href=\"https:\/\/youtu.be\/cd8QNJ4SiY4\">https:\/\/youtu.be\/cd8QNJ4SiY4<\/a><br>12. 06. 2022  \u2013 Konfirm\u00e1cia <a href=\"https:\/\/youtu.be\/SOu8CFHeFdw\">https:\/\/youtu.be\/SOu8CFHeFdw<\/a><br>10. 07. 2022  \u2013  Zborov\u00fd de\u0148 &#8211; 100. rokov zalo\u017eenia CZ P\u00e1rnica &#8211; <a href=\"https:\/\/youtu.be\/QwWCUyt8MOg\">https:\/\/youtu.be\/QwWCUyt8MOg<\/a> gener\u00e1lny biskup Ivan E\u013eko<br>21. 08. 2022  \u2013  Ekumenick\u00e9 Slu\u017eby Bo\u017eie &#8211; 600. rokov obce P\u00e1rnica 1420 &#8211; 2020 <a href=\"https:\/\/youtu.be\/qGrqUY3Q38w\">https:\/\/youtu.be\/qGrqUY3Q38w<\/a>  <br>02. 10. 2022  \u2013  Po\u010fakovanie za \u00farody zeme <a href=\"https:\/\/youtu.be\/FctYqgt5ZLY\">https:\/\/youtu.be\/FctYqgt5ZLY<\/a> <br>20. 11. 2022  \u2013  Pamiatka posv\u00e4tenia chr\u00e1mu &#8211; 95. v\u00fdro\u010die <a href=\"https:\/\/youtu.be\/v23KaZXBwTY\">https:\/\/youtu.be\/v23KaZXBwTY<\/a><br><br>24. 12. 2022  \u2013  \u0160tedr\u00fd ve\u010der 2022 s programom det\u00ed a spevokolu (Srdca m\u00f4jho si P\u00e1nom) &#8211;   <a href=\"https:\/\/youtu.be\/tHVgyB5d5Io\">https:\/\/youtu.be\/tHVgyB5d5Io<\/a>  <br><\/p>\n\n\n\n<p><strong>Rok 2023<\/strong><br>09. 04. 2023 &#8211; Ve\u013ek\u00e1 noc 2023 &#8211; program a vyst\u00fapenia spevokolov, det\u00ed a dorastu na Ve\u013ek\u00fd piatok a Ve\u013ekono\u010dn\u00fa nede\u013eu &#8211; <a href=\"https:\/\/youtu.be\/1q93LDbTtwc\">https:\/\/youtu.be\/1q93LDbTtwc<\/a><br>28. 05. 2023 &#8211; Konfirm\u00e1cia (1. sl\u00e1vnos\u0165 sv\u00e4todu\u0161n\u00e1) &#8211; <a href=\"https:\/\/youtu.be\/ooPVHTYfzFI\">https:\/\/youtu.be\/ooPVHTYfzFI<\/a> <\/p>\n\n\n\n<p class=\"has-medium-font-size\">09. 07. 2023 \u2013 Zborov\u00fd de\u0148 &#8211; <strong>In\u0161tal\u00e1cia zborovej far\u00e1rky <\/strong>Mgr. Viery \u0160imovej \u0160olt\u00e9s <a href=\"https:\/\/youtube.com\/live\/Cnf8VzoSx94\">https:\/\/youtube.com\/live\/Cnf8VzoSx94<\/a><br><\/p>\n\n\n\n<p>20. 08. 2023 &#8211; Ekumenick\u00e9 Slu\u017eby Bo\u017eie &#8211; 16. Parnick\u00f4 \u0161vabkobra\u0148a &#8211; <a href=\"https:\/\/youtu.be\/EkWRsI8BRsw\">https:\/\/youtu.be\/EkWRsI8BRsw<\/a>  <br>15. 10. 2023 &#8211; Po\u010fakovanie za \u00farody zeme &#8211; <a href=\"https:\/\/youtu.be\/pf0Ml4dGCeI\">https:\/\/youtu.be\/pf0Ml4dGCeI<\/a>  <br>24. 12. 2023 &#8211; \u0160tedr\u00fd ve\u010der 2023 &#8211; Slu\u017eby Bo\u017eie s programom det\u00ed <a href=\"https:\/\/youtu.be\/iLuJbRhloYQ\">https:\/\/youtu.be\/iLuJbRhloYQ<\/a><br><\/p>\n\n\n\n<p><strong>Rok 2024<\/strong><\/p>\n\n\n\n<p>26. 05. 2024 &#8211; Konfirm\u00e1cia 2024 &#8211; hos\u0165 <strong>Ivan E\u013eko<\/strong> &#8211; <strong>gener\u00e1lny<\/strong> <strong>biskup ECAV<\/strong> <a href=\"https:\/\/youtu.be\/z1pOzZtkIyQ\">https:\/\/youtu.be\/z1pOzZtkIyQ<\/a><\/p>\n\n\n\n<p>24. 11. 2024 &#8211; Pamiatka posv\u00e4tenia chr\u00e1mu s posviackou obnoven\u00e9ho organa &#8211; seniorka LOS <strong>Mgr. Katar\u00edna Hud\u00e1kov\u00e1<\/strong> &#8211; kr\u00e1tky zostrih zo Slu\u017eieb Bo\u017e\u00edch <a href=\"https:\/\/youtu.be\/0D2ndwHa5Ag\">https:\/\/youtu.be\/0D2ndwHa5Ag<\/a><\/p>\n\n\n\n<p><strong>Rok 2025<\/strong><\/p>\n\n\n\n<p>13. 07. 2025 &#8211; Zborov\u00fd de\u0148 &#8211; \u00favod zborov\u00e9ho dozorcu <strong>Ing. Du\u0161ana Kuba\u010dku<\/strong> &#8211; seniorka LOS <strong>Mgr.<\/strong> <strong>Katar\u00edna Hud\u00e1kov\u00e1<\/strong> &#8211; kr\u00e1tky zostrih zo Slu\u017eieb Bo\u017e\u00edch <a href=\"https:\/\/youtu.be\/SBtMPrucOhw\">https:\/\/youtu.be\/SBtMPrucOhw<\/a><br>24. 12. 2025 &#8211; \u0160tedr\u00fd ve\u010der 2025 \u2013 Slu\u017eby Bo\u017eie s programom det\u00ed <a href=\"https:\/\/youtu.be\/pxJaJmVm1Ik\">https:\/\/youtu.be\/pxJaJmVm1Ik<\/a><\/p>\n\n\n\n<p><\/p>\n","protected":false},"excerpt":{"rendered":"<p>Slu\u017eby Bo\u017eie sa konaj\u00fa ka\u017ed\u00fa nede\u013eu o 10:00 hodine. Odkaz na n\u00e1\u0161 youtube kan\u00e1l &#8211; https:\/\/www.youtube.com\/@ecavparnica5446 Z\u00e1znamy Slu\u017eieb Bo\u017e\u00edch na youtube kan\u00e1ly &#8211; ECAV P\u00e1rnica Odkaz na n\u00e1\u0161 youtube kan\u00e1l &#8211; https:\/\/www.youtube.com\/@ecavparnica5446 21. 11. 2021 \u2013 Pamiatka posv\u00e4tenia chr\u00e1mu&nbsp;https:\/\/www.youtube.com\/watch?v=0zwCMTxAzN8 28. 11. 2021 \u2013 1. adventn\u00e1 nede\u013ea&nbsp;https:\/\/youtu.be\/gD4dXrMH2O405. 12. 2021 \u2013 2. adventn\u00e1 nede\u013ea https:\/\/youtu.be\/-PjJUUfg2I412. 12. 2021 [&hellip;]<\/p>\n","protected":false},"author":1,"featured_media":0,"parent":0,"menu_order":0,"comment_status":"closed","ping_status":"closed","template":"","meta":{"footnotes":""},"class_list":["post-68","page","type-page","status-publish","hentry"],"_links":{"self":[{"href":"https:\/\/parnica.ecavlos.sk\/index.php?rest_route=\/wp\/v2\/pages\/68","targetHints":{"allow":["GET"]}}],"collection":[{"href":"https:\/\/parnica.ecavlos.sk\/index.php?rest_route=\/wp\/v2\/pages"}],"about":[{"href":"https:\/\/parnica.ecavlos.sk\/index.php?rest_route=\/wp\/v2\/types\/page"}],"author":[{"embeddable":true,"href":"https:\/\/parnica.ecavlos.sk\/index.php?rest_route=\/wp\/v2\/users\/1"}],"replies":[{"embeddable":true,"href":"https:\/\/parnica.ecavlos.sk\/index.php?rest_route=%2Fwp%2Fv2%2Fcomments&post=68"}],"version-history":[{"count":5,"href":"https:\/\/parnica.ecavlos.sk\/index.php?rest_route=\/wp\/v2\/pages\/68\/revisions"}],"predecessor-version":[{"id":677,"href":"https:\/\/parnica.ecavlos.sk\/index.php?rest_route=\/wp\/v2\/pages\/68\/revisions\/677"}],"wp:attachment":[{"href":"https:\/\/parnica.ecavlos.sk\/index.php?rest_route=%2Fwp%2Fv2%2Fmedia&parent=68"}],"curies":[{"name":"wp","href":"https:\/\/api.w.org\/{rel}","templated":true}]}}